{"id":15,"date":"2021-11-21T15:14:41","date_gmt":"2021-11-21T15:14:41","guid":{"rendered":"http:\/\/helenabratt.pgwebb.se\/index.php\/services\/"},"modified":"2022-05-28T10:29:08","modified_gmt":"2022-05-28T10:29:08","slug":"cv","status":"publish","type":"page","link":"http:\/\/helenabratt.pgwebb.se\/index.php\/cv\/","title":{"rendered":"CV"},"content":{"rendered":"\t\t<div data-elementor-type=\"wp-page\" data-elementor-id=\"15\" class=\"elementor elementor-15\">\n\t\t\t\t\t\t\t\t\t<section class=\"elementor-section elementor-top-section elementor-element elementor-element-0e569c9 elementor-section-height-min-height elementor-section-boxed elementor-section-height-default elementor-section-items-middle\" data-id=\"0e569c9\" data-element_type=\"section\" data-settings=\"{&quot;background_background&quot;:&quot;classic&quot;}\">\n\t\t\t\t\t\t\t<div class=\"elementor-background-overlay\"><\/div>\n\t\t\t\t\t\t\t<div class=\"elementor-container elementor-column-gap-default\">\n\t\t\t\t\t<div class=\"elementor-column elementor-col-100 elementor-top-column elementor-element elementor-element-c724ef9\" data-id=\"c724ef9\" data-element_type=\"column\">\n\t\t\t<div class=\"elementor-widget-wrap elementor-element-populated\">\n\t\t\t\t\t\t\t\t<div class=\"elementor-element elementor-element-b36cecf elementor-widget__width-initial elementor-widget elementor-widget-spacer\" data-id=\"b36cecf\" data-element_type=\"widget\" data-widget_type=\"spacer.default\">\n\t\t\t\t<div class=\"elementor-widget-container\">\n\t\t\t<style>\/*! elementor - v3.6.5 - 27-04-2022 *\/\n.e-container.e-container--row .elementor-spacer-inner{width:var(--spacer-size)}.e-container.e-container--column .elementor-spacer-inner,.elementor-column .elementor-spacer-inner{height:var(--spacer-size)}<\/style>\t\t<div class=\"elementor-spacer\">\n\t\t\t<div class=\"elementor-spacer-inner\"><\/div>\n\t\t<\/div>\n\t\t\t\t<\/div>\n\t\t\t\t<\/div>\n\t\t\t\t\t<\/div>\n\t\t<\/div>\n\t\t\t\t\t\t\t<\/div>\n\t\t<\/section>\n\t\t\t\t<section class=\"elementor-section elementor-top-section elementor-element elementor-element-b289340 elementor-section-height-min-height elementor-section-boxed elementor-section-height-default elementor-section-items-middle\" data-id=\"b289340\" data-element_type=\"section\" data-settings=\"{&quot;background_background&quot;:&quot;classic&quot;}\">\n\t\t\t\t\t\t\t<div class=\"elementor-background-overlay\"><\/div>\n\t\t\t\t\t\t\t<div class=\"elementor-container elementor-column-gap-default\">\n\t\t\t\t\t<div class=\"elementor-column elementor-col-100 elementor-top-column elementor-element elementor-element-d3ad22c\" data-id=\"d3ad22c\" data-element_type=\"column\">\n\t\t\t<div class=\"elementor-widget-wrap elementor-element-populated\">\n\t\t\t\t\t\t\t\t<div class=\"elementor-element elementor-element-e175d50 elementor-widget elementor-widget-heading\" data-id=\"e175d50\" data-element_type=\"widget\" data-widget_type=\"heading.default\">\n\t\t\t\t<div class=\"elementor-widget-container\">\n\t\t\t<style>\/*! elementor - v3.6.5 - 27-04-2022 *\/\n.elementor-heading-title{padding:0;margin:0;line-height:1}.elementor-widget-heading .elementor-heading-title[class*=elementor-size-]>a{color:inherit;font-size:inherit;line-height:inherit}.elementor-widget-heading .elementor-heading-title.elementor-size-small{font-size:15px}.elementor-widget-heading .elementor-heading-title.elementor-size-medium{font-size:19px}.elementor-widget-heading .elementor-heading-title.elementor-size-large{font-size:29px}.elementor-widget-heading .elementor-heading-title.elementor-size-xl{font-size:39px}.elementor-widget-heading .elementor-heading-title.elementor-size-xxl{font-size:59px}<\/style><h1 class=\"elementor-heading-title elementor-size-default\">CV<\/h1>\t\t<\/div>\n\t\t\t\t<\/div>\n\t\t\t\t\t<\/div>\n\t\t<\/div>\n\t\t\t\t\t\t\t<\/div>\n\t\t<\/section>\n\t\t\t\t<section class=\"elementor-section elementor-top-section elementor-element elementor-element-409acf7 elementor-section-boxed elementor-section-height-default elementor-section-height-default\" data-id=\"409acf7\" data-element_type=\"section\">\n\t\t\t\t\t\t<div class=\"elementor-container elementor-column-gap-default\">\n\t\t\t\t\t<div class=\"elementor-column elementor-col-100 elementor-top-column elementor-element elementor-element-e14eaf1\" data-id=\"e14eaf1\" data-element_type=\"column\">\n\t\t\t<div class=\"elementor-widget-wrap elementor-element-populated\">\n\t\t\t\t\t\t\t\t<div class=\"elementor-element elementor-element-f91a36c elementor-widget elementor-widget-heading\" data-id=\"f91a36c\" data-element_type=\"widget\" data-widget_type=\"heading.default\">\n\t\t\t\t<div class=\"elementor-widget-container\">\n\t\t\t<h3 class=\"elementor-heading-title elementor-size-default\">Utbildning \/ Education<\/h3>\t\t<\/div>\n\t\t\t\t<\/div>\n\t\t\t\t<div class=\"elementor-element elementor-element-8e6e0bf elementor-widget elementor-widget-text-editor\" data-id=\"8e6e0bf\" data-element_type=\"widget\" data-widget_type=\"text-editor.default\">\n\t\t\t\t<div class=\"elementor-widget-container\">\n\t\t\t<style>\/*! elementor - v3.6.5 - 27-04-2022 *\/\n.elementor-widget-text-editor.elementor-drop-cap-view-stacked .elementor-drop-cap{background-color:#818a91;color:#fff}.elementor-widget-text-editor.elementor-drop-cap-view-framed .elementor-drop-cap{color:#818a91;border:3px solid;background-color:transparent}.elementor-widget-text-editor:not(.elementor-drop-cap-view-default) .elementor-drop-cap{margin-top:8px}.elementor-widget-text-editor:not(.elementor-drop-cap-view-default) .elementor-drop-cap-letter{width:1em;height:1em}.elementor-widget-text-editor .elementor-drop-cap{float:left;text-align:center;line-height:1;font-size:50px}.elementor-widget-text-editor .elementor-drop-cap-letter{display:inline-block}<\/style>\t\t\t\t<p>2020- P\u00e5g\u00e5ende,\u00a0<em>Kandidatprogrammet Fri konst<\/em>, HDK-Valand, G\u00f6teborgs Universitet<\/p><p>2018- 2019\u00a0<em>Grundl\u00e4ggande Konstn\u00e4rlig utbildning<\/em>, \u00e5rskurs 2, Gerlesborgsskolan Bohusl\u00e4n, Gerlesborg<\/p><p>2017-2018\u00a0<em>Kulturm\u00e5lare<\/em>, 1 \u00e5r, Dacapo Mariestad Yrkesh\u00f6gskola, Mariestad<\/p><p>2015\u00a0<em>Traditionellt byggnadsm\u00e5leri, laserade ytor<\/em>, 15hp, G\u00f6teborgs Universitet, Mariestad<\/p><p>2010-2012\u00a0<em>Textil,<\/em>\u00a02 \u00e5r, Capellag\u00e5rden Carl Malmstens skola f\u00f6r gestaltande arbete, Vickleby<\/p><p>2009-2010\u00a0<em>V\u00e4v sl\u00f6jd &amp; hantverk, form &amp; kultur<\/em>,\u00a01 \u00e5r, S\u00e4tergl\u00e4ntan Hemsl\u00f6jdensg\u00e5rd, Insj\u00f6n<\/p><p>2009\u00a0<em>Skrivarlinje<\/em>, 1 termin, Bolln\u00e4s folkh\u00f6gskola, Bolln\u00e4s<\/p><p>2008\u00a0<em>Skrivarlinje,\u00a0<\/em>1 termin, Gotlands folkh\u00f6gskola, F\u00e5r\u00f6sund<\/p>\t\t\t\t\t\t<\/div>\n\t\t\t\t<\/div>\n\t\t\t\t<div class=\"elementor-element elementor-element-1a5de8d elementor-widget elementor-widget-heading\" data-id=\"1a5de8d\" data-element_type=\"widget\" data-widget_type=\"heading.default\">\n\t\t\t\t<div class=\"elementor-widget-container\">\n\t\t\t<h3 class=\"elementor-heading-title elementor-size-default\">Separatutst\u00e4llningar \/ Solo exhibitions<\/h3>\t\t<\/div>\n\t\t\t\t<\/div>\n\t\t\t\t<div class=\"elementor-element elementor-element-badb085 elementor-widget elementor-widget-text-editor\" data-id=\"badb085\" data-element_type=\"widget\" data-widget_type=\"text-editor.default\">\n\t\t\t\t<div class=\"elementor-widget-container\">\n\t\t\t\t\t\t\t<p>2021\u00a0<em>mellan minne \u00e5 gl\u00f6mska<\/em>, Bolln\u00e4s konsthall, Bolln\u00e4s<\/p><p>2021\u00a0<em>Helena Bratt<\/em>, Bank Galleri, S\u00f6derhamn<\/p><p>2019\u00a0<em>RE:shaping<\/em>, Galleri GBZ, Gerlesborgsskolan, Gerlesborg<\/p><p>2017\u00a0<em>Helena Bratt<\/em>, Galleri Sm\u00f6gan i Kulturhuset, Bolln\u00e4s<\/p><p>2014\u00a0<em>M\u00e5nadens hantverkare ,\u00a0<\/em>Kulturhuset, Bolln\u00e4s\u00a0<\/p>\t\t\t\t\t\t<\/div>\n\t\t\t\t<\/div>\n\t\t\t\t<div class=\"elementor-element elementor-element-959d646 elementor-widget elementor-widget-heading\" data-id=\"959d646\" data-element_type=\"widget\" data-widget_type=\"heading.default\">\n\t\t\t\t<div class=\"elementor-widget-container\">\n\t\t\t<h3 class=\"elementor-heading-title elementor-size-default\">Samlingsutst\u00e4llningar \/ Group exhibitions<\/h3>\t\t<\/div>\n\t\t\t\t<\/div>\n\t\t\t\t<div class=\"elementor-element elementor-element-71abceb elementor-widget elementor-widget-text-editor\" data-id=\"71abceb\" data-element_type=\"widget\" data-widget_type=\"text-editor.default\">\n\t\t\t\t<div class=\"elementor-widget-container\">\n\t\t\t\t\t\t\t<p>2022\u00a0<em>Habit has a kind of poetry HDK-Valand BFA2 Nordstan Exhibition<\/em>, Nordstan, G\u00f6teborg<\/p><p>2021\u00a0<em>KUNO EXPO This must be my dream<\/em>, Estonia Academy of Art, Tallin<\/p><p>2021\u00a0<em>Utsnitt<\/em>, Kronhuset, G\u00f6teborg<\/p><p>2020\u00a0<em>Sl\u00f6jdv\u00e4gar<\/em>, Kulturgatan, Bodafors<\/p><p>2020\u00a0<em>Textil salong, Capellag\u00e5rden 60 \u00e5r<\/em>, Norrl\u00e4ngan, Vickleby<\/p><p>2020\u00a0<em>Hitta hem,<\/em>\u00a0Galleri Ladan, Ljusdal<\/p><p>2019-2020\u00a0<em>Fr\u00e5n gatan,\u00a0<\/em>MEKEN, Smedjebacken<\/p><p>2015\u00a0<em>Br\u00f6llop &amp; brudkronor<\/em>, V\u00e4rldsarvsg\u00e5rden G\u00e4stgivars, Vallsta<\/p><p>2015\u00a0<em>TA PLATS<\/em>, interaktiv utst\u00e4llning, Bolln\u00e4s Konsthall, Bolln\u00e4s\u00a0<\/p><p>2013\u00a0<em>Tryck,\u00a0<\/em>Caf\u00e9 och butik Tr\u00e4slottet, Arbr\u00e5<\/p><p>2013\u00a0<em>V\u00e4lbekant Obekant<\/em>, Bolln\u00e4s Konsthall, Bolln\u00e4s<\/p><p>2012\u00a0<em>Amaryllisutst\u00e4llning,<\/em>\u00a0Mobackes tr\u00e4dg\u00e5rdscenter, Bolln\u00e4s<\/p><p>2012\u00a0<em>Ser du l\u00f6ven f\u00f6r alla tr\u00e4d<\/em>, Liljevalchs, Stockholm<\/p><p>2012\u00a0<em>Sommarutst\u00e4llning<\/em>, Capellag\u00e5rdens , Vickleby<\/p><p>2012\u00a0<em>Ung konst<\/em>, S\u00f6derhamns konstf\u00f6rening, Kvarnen, S\u00f6derhamn<\/p><p>2011\u00a0<em>Sommarutst\u00e4llning<\/em>, Capellag\u00e5rden, Vickleby<\/p><p>2010\u00a0<em>V\u00e5rutst\u00e4llning<\/em>, S\u00e4tergl\u00e4ntan, Insj\u00f6n<\/p>\t\t\t\t\t\t<\/div>\n\t\t\t\t<\/div>\n\t\t\t\t<div class=\"elementor-element elementor-element-bccb34b elementor-widget elementor-widget-heading\" data-id=\"bccb34b\" data-element_type=\"widget\" data-widget_type=\"heading.default\">\n\t\t\t\t<div class=\"elementor-widget-container\">\n\t\t\t<h3 class=\"elementor-heading-title elementor-size-default\">Gestaltningsuppdrag \/ Official artworks<\/h3>\t\t<\/div>\n\t\t\t\t<\/div>\n\t\t\t\t<div class=\"elementor-element elementor-element-12ec87b elementor-widget elementor-widget-text-editor\" data-id=\"12ec87b\" data-element_type=\"widget\" data-widget_type=\"text-editor.default\">\n\t\t\t\t<div class=\"elementor-widget-container\">\n\t\t\t\t\t\t\t<p>2017\u00a0<em>Schablonm\u00e5lningar<\/em>, offentlig konstn\u00e4rlig gestaltning, Ingsta \u00e4ldreboende, Hudiksvalls kommun, Ingsta<\/p><p>2015\u00a0<em>Schablonladan,<\/em>\u00a0offentlig konstn\u00e4rlig gestaltning, Bolln\u00e4s<\/p><p>2015<em>\u00a0BockART<\/em>, offentlig konstn\u00e4rlig gestaltning, Colliniparken, Bolln\u00e4s<\/p><p>2012\u00a0<em>Schablonladan,\u00a0<\/em>offentlig konstn\u00e4rlig gestaltning, Rengsj\u00f6<\/p>\t\t\t\t\t\t<\/div>\n\t\t\t\t<\/div>\n\t\t\t\t<div class=\"elementor-element elementor-element-4af185c elementor-widget elementor-widget-heading\" data-id=\"4af185c\" data-element_type=\"widget\" data-widget_type=\"heading.default\">\n\t\t\t\t<div class=\"elementor-widget-container\">\n\t\t\t<h3 class=\"elementor-heading-title elementor-size-default\">Dekor\/hantverk \/ Craft<\/h3>\t\t<\/div>\n\t\t\t\t<\/div>\n\t\t\t\t<div class=\"elementor-element elementor-element-1c1d3e8 elementor-widget elementor-widget-text-editor\" data-id=\"1c1d3e8\" data-element_type=\"widget\" data-widget_type=\"text-editor.default\">\n\t\t\t\t<div class=\"elementor-widget-container\">\n\t\t\t\t\t\t\t<p>2021 Upps\u00e4ttning av lumppapp p\u00e5 v\u00e4gg, Rengsj\u00f6<\/p><p>2020 V\u00e4v- &amp; pappsp\u00e4nning, st\u00e4nkm\u00e5lning i f\u00e4bodstuga, Tr\u00f6n\u00f6<\/p><p>2019 Utsmyckning\u00a0<em>Festst\u00e4nger<\/em>, Svedbovallen, Harsa<\/p><p>2018 Utsmyckning av\u00a0<em>Sl\u00f6jdtruck<\/em>, Not Quite, Fengersfors<\/p><p>2018 F\u00e4rgs\u00e4ttning &amp; m\u00e5lning av detaljer p\u00e5 farstukvist, Alfta<\/p><p>2018 Schablonm\u00e5lad tank till motorcykel, Rengsj\u00f6<\/p><p>2018 Restaurering av gravstensf\u00f6rgyllning, Rengsj\u00f6<\/p><p>2018 M\u00e5lning av d\u00f6rr, marmorerade lister, Bolln\u00e4s<\/p><p>2018 Scenografiassistent,\u00a0<em>Varulven<\/em>, \u00c4ventyrsvandring, Steneg\u00e5rd, J\u00e4rvs\u00f6<\/p><p>2017 Scenografiassistent,\u00a0<em>Resan till Ugri-La-Brek<\/em>, Tr\u00e4teatern, J\u00e4rvs\u00f6<\/p><p>2014 Dekorm\u00e5lning av konferensbord, Bolln\u00e4s Kulturhus, Bolln\u00e4s<\/p><p>2014 Inbjudningskort till br\u00f6llop, \u00c4lgn\u00e4s<\/p><p>2013 Formgivning av m\u00f6nster till begravningskista, G\u00f6teborg<\/p><p>2012 Reproduktion av schablonm\u00e5lning till marknadsf\u00f6ring av Amaryllisutst\u00e4llning, Mobackes Tr\u00e4dg\u00e5rdscenter, Bolln\u00e4s<\/p>\t\t\t\t\t\t<\/div>\n\t\t\t\t<\/div>\n\t\t\t\t<div class=\"elementor-element elementor-element-23270ae elementor-widget elementor-widget-heading\" data-id=\"23270ae\" data-element_type=\"widget\" data-widget_type=\"heading.default\">\n\t\t\t\t<div class=\"elementor-widget-container\">\n\t\t\t<h3 class=\"elementor-heading-title elementor-size-default\">Undervisning\/f\u00f6rel\u00e4sningar \/ Education\/lectures<\/h3>\t\t<\/div>\n\t\t\t\t<\/div>\n\t\t\t\t<div class=\"elementor-element elementor-element-bf36fd0 elementor-widget elementor-widget-text-editor\" data-id=\"bf36fd0\" data-element_type=\"widget\" data-widget_type=\"text-editor.default\">\n\t\t\t\t<div class=\"elementor-widget-container\">\n\t\t\t\t\t\t\t<p>2022 F\u00f6rel\u00e4sning, <em>Hur schysst \u00e4r schysst? Pigments p\u00e5verkan p\u00e5 m\u00e4nniska &amp; milj\u00f6<\/em>, Sl\u00f6jd h\u00e5ller, Zoom<\/p><p>2021 Kurs,\u00a0<em>Dekorm\u00e5leri<\/em>, V\u00e4sterbergs Folkh\u00f6gskola, Storvik<\/p><p>2021 S\u00e4songs guide, V\u00e4rldsarvsg\u00e5rden G\u00e4stgivars, Vallsta<\/p><p>2021 Veckokurs, <em>G\u00f6r din egen f\u00e4rg<\/em>, S\u00e4tergl\u00e4ntan, Insj\u00f6n<\/p><p>2021 Veckokurs,\u00a0<em>Dekorm\u00e5leri,<\/em>\u00a0V\u00e5rdinge By Folkh\u00f6gskola, V\u00e5rdinge By<\/p><p>2020 Kurs,\u00a0<em>Dekorm\u00e5leri<\/em>, V\u00e4sterbergs Folkh\u00f6gskola, Storvik<\/p><p>2020 F\u00f6rel\u00e4sningsturn\u00e9, Fengersfors, Dals-Ed, Bengtsfors, Kulturbruket p\u00e5 Dal<\/p><p>2020 F\u00f6rel\u00e4sning, Stenebyskolan, Dals L\u00e5nged<\/p><p>2020 Veckokurs,\u00a0<em>T\u00e4ljkollo f\u00f6r tjejer<\/em>, Borl\u00e4nge kommun, Borl\u00e4nge<\/p><p>2020 Workshop,\u00a0<em>Schablonm\u00e5leri,\u00a0<\/em>Galleri ladan, Ljusdal<\/p><p>2020 Workshop,\u00a0<em>T\u00e4lj!,\u00a0<\/em>H\u00e4lsinglands museum, Hudiksvall<\/p><p>2019 Veckokurs,\u00a0<em>Festst\u00e4nger<\/em>, \u00c4lvsby Folkh\u00f6gskola, \u00c4lvsbyn<\/p><p>2019 Helgkurs,\u00a0<em>G\u00f6r dig egen f\u00e4rg<\/em>, \u00c4lvsby Folkh\u00f6gskola, \u00c4lvsbyn<\/p><p>2019 F\u00f6rel\u00e4sning,\u00a0<em>H\u00e4lsingem\u00e5leri, Schablonlador \u00e5 konst,<\/em>\u00a0\u00c4lvsby folkh\u00f6gskola, \u00c4lvsbyn<\/p><p>2019 Veckokurs,\u00a0<em>Offentlig gestaltning<\/em>, V\u00e5rdinge By Fokh\u00f6gskola, V\u00e5rdinge By<\/p><p>2019 Workshop,\u00a0<em>T\u00e4lj!<\/em>, Svenska kyrkan, V\u00e4xj\u00f6<\/p><p>2019 F\u00f6rel\u00e4sning,\u00a0<em>Kulturm\u00e5lare -en utbildning med h\u00e5llbarhet i fokus,\u00a0<\/em>F\u00e4rgforum, Riksantikvarie\u00e4mbetet &amp; Hantverkslaboratoriet, Sundsvall<\/p><p>2019 Veckokurs,\u00a0<em>Dekorm\u00e5leri,\u00a0<\/em>V\u00e5rdinge By Fokh\u00f6gskola, V\u00e5rdinge By<\/p><p>2018 F\u00f6rel\u00e4sning,\u00a0<em>The battle for h\u00e4lsingem\u00e5leriet -schablonlador, allmogem\u00e5leri &amp; od\u00f6dlighet<\/em>, F\u00e4rgforum, Riksantikvarie\u00e4mbetet &amp; Hantverkslabratoriet, Malm\u00f6<\/p><p>2018 Helgkurs, S<em>chablonm\u00e5lning med limf\u00e4rg<\/em>, Hemsl\u00f6jden, Arbr\u00e5<\/p><p>2018 Veckokurs,\u00a0<em>Textiltryck med inspiration fr\u00e5n allmogem\u00e5leri<\/em>, S\u00e4tergl\u00e4ntan, Insj\u00f6n<\/p><p>2017 F\u00f6rel\u00e4sning,\u00a0<em>The battle for h\u00e4lsingem\u00e5leriet<\/em>, Bolln\u00e4s konsthall, Bolln\u00e4s<\/p><p>2017 Workshop,\u00a0<em>Dekorm\u00e5la cyklar<\/em>, Ljusdal<\/p><p>2017 Helgkurs,\u00a0<em>Textiltryck med inspiration fr\u00e5n allmogem\u00e5leri<\/em>, Hemsl\u00f6jden, Landskrona<\/p><p>2016-2017 L\u00e4rare i Sl\u00f6jd och Bild, 60% i 3 terminer, Staffangymnasiet, S\u00f6derhamn<\/p><p>2016 Helgkurs,\u00a0<em>Textiltryck med inspiration fr\u00e5n allmogem\u00e5leri<\/em>, Arbr\u00e5 hemsl\u00f6jdsf\u00f6rening, Vallsta<\/p><p>2016 Veckokurs,\u00a0<em>Dekorm\u00e5leri<\/em>, V\u00e5rdinge By Fokh\u00f6gskola, V\u00e5rdinge By<\/p><p>2016 Veckokurs,\u00a0<em>Textiltryck med inspiration fr\u00e5n allmogem\u00e5leri<\/em>, Capellag\u00e5rden Carl Malmstens skola f\u00f6r gestaltande arbete, Vickleby<\/p><p>2016 Veckorkurs,\u00a0<em>Textiltryck och broderi med inspiration fr\u00e5n traditionellt byggnadsm\u00e5leri,<\/em>\u00a0S\u00e4tergl\u00e4ntan Institutet\u00a0f\u00f6r sl\u00f6jd och hantverk, Insj\u00f6n<\/p><p>2015, 2016 Veckokurs,\u00a0<em>Kuliss, karakt\u00e4r, rekvisita!<\/em>, S\u00e4tergl\u00e4ntan Institutet\u00a0f\u00f6r sl\u00f6jd och hantverk, Insj\u00f6n<\/p><p>2015 Workshop,\u00a0<em>Ta plats,<\/em>\u00a0interaktiv utst\u00e4llning, Bolln\u00e4s Konsthall, Bolln\u00e4s<\/p><p>2014-2015 L\u00e4rare i textil sl\u00f6jd, 50% i 3 terminer, Kungsg\u00e5rdens skola, Sandvikens kommun, Kungsg\u00e5rden<\/p><p>2014 F\u00f6rel\u00e4sning &amp; workshop,\u00a0<em>Skapa &amp; dekorm\u00e5la\u00a0byggnader\u00a0i 3D<\/em>, Engelska skolan, Uppsala<\/p><p>2014 L\u00e4rare i m\u00e5leri,\u00a0<em>skapande skola<\/em>, Bolln\u00e4s kommun, Bolln\u00e4s<\/p><p>2013 F\u00f6rel\u00e4sning,\u00a0<em>Schablonladan<\/em>, N\u00e4\u00e4s sl\u00f6jd &amp; smeinarieomr\u00e5de, N\u00e4\u00e4s<\/p><p>2012 Kursledare,\u00a0<em>textiltryck, origami &amp; bokbinderi<\/em>, Studief\u00f6rbundet Vuxenskolan, S\u00f6derhamn<\/p>\t\t\t\t\t\t<\/div>\n\t\t\t\t<\/div>\n\t\t\t\t<div class=\"elementor-element elementor-element-6e55e06 elementor-widget elementor-widget-heading\" data-id=\"6e55e06\" data-element_type=\"widget\" data-widget_type=\"heading.default\">\n\t\t\t\t<div class=\"elementor-widget-container\">\n\t\t\t<h3 class=\"elementor-heading-title elementor-size-default\">Stipendier\/ residens \/ Awards<\/h3>\t\t<\/div>\n\t\t\t\t<\/div>\n\t\t\t\t<div class=\"elementor-element elementor-element-087c8aa elementor-widget elementor-widget-text-editor\" data-id=\"087c8aa\" data-element_type=\"widget\" data-widget_type=\"text-editor.default\">\n\t\t\t\t<div class=\"elementor-widget-container\">\n\t\t\t\t\t\t\t<p>2021 Fabrik\u00f6r J.L. Eklund Hantverksstiftelse<\/p><p>2020 Gunvor G\u00f6ranssons kulturstiftelse<\/p><p>2020 Sl\u00f6jdresidens, Not Quite, Fengersfors<\/p><p>2020 Projektbidrag,\u00a0<em>Hur schysst \u00e4r schysst?<\/em>, N\u00e4mnden f\u00f6r hemsl\u00f6jdsfr\u00e5gor<\/p><p>2019 Talangutvecklingsst\u00f6d inom kort- och dokument\u00e4rfilm, Region G\u00e4vleborg<\/p><p>2019 Hantverkshuset Bolln\u00e4s<\/p><p>2015 Region G\u00e4vleborg<\/p><p>2015 Gunvor G\u00f6ranssons kulturstiftelse<\/p><p>2015 Bolln\u00e4s kommuns kulturstipendium<\/p><p>2012 Anders &amp; Elisabet Sedwalls stiftelse<\/p><p>2011 Anders &amp; Elisabet Sedwalls stiftelse<\/p>\t\t\t\t\t\t<\/div>\n\t\t\t\t<\/div>\n\t\t\t\t<div class=\"elementor-element elementor-element-0dd980d elementor-widget elementor-widget-heading\" data-id=\"0dd980d\" data-element_type=\"widget\" data-widget_type=\"heading.default\">\n\t\t\t\t<div class=\"elementor-widget-container\">\n\t\t\t<h3 class=\"elementor-heading-title elementor-size-default\">Publicerad \u2013 urval \/ Publication \u2013 selection<\/h3>\t\t<\/div>\n\t\t\t\t<\/div>\n\t\t\t\t<div class=\"elementor-element elementor-element-725e6ce elementor-widget elementor-widget-text-editor\" data-id=\"725e6ce\" data-element_type=\"widget\" data-widget_type=\"text-editor.default\">\n\t\t\t\t<div class=\"elementor-widget-container\">\n\t\t\t\t\t\t\t<p>2021 Bok:\u00a0<em>Sl\u00f6jd, som i att best\u00e4mma \u00f6ver sitt eget liv\u00a0<a href=\"https:\/\/kulturgatanwebshop.se\/\">https:\/\/kulturgatanwebshop.se<\/a><\/em><\/p><p>2017 Bok:\u00a0<em>Capellag\u00e5rdens kokbok: platsen, m\u00e4nniskorna och maten\u00a0<\/em>\u00a0<a href=\"http:\/\/www.carlssonbokforlag.se\/produkt\/capellagardens-kokbok\/\" target=\"_blank\" rel=\"noopener\">http:\/\/www.carlssonbokforlag.se\/produkt\/capellagardens-kokbok\/<\/a><\/p><p>2015 Avsnitt 2, S\u00e4song 12, Kulturprogrammet Sverige, SVT\u00a0<\/p><p>2015 Hela H\u00e4lsingland webb-tv,\u00a0<em>Hon v\u00e4cker kulturskatten till liv<\/em><\/p><p>2014 Nr 4,\u00a0\u00a0<em>Blivande m\u00e4stare<\/em>, Hemsl\u00f6jd<\/p><p>2013 Nr 1,\u00a0\u00a0<em>Ett lysande undantag<\/em>, G\u00e5rd &amp; Torp<\/p><p>2013 Nr 2,\u00a0\u00a0<em>Varf\u00f6r m\u00e5lar du p\u00e5 lador?<\/em>, Tidningen VI<\/p><p>2012 Nr 4,\u00a0\u00a0<em>Ritt in die moderne<\/em>, NORR Magazine<\/p><p>2012 Nr 6,\u00a0\u00a0<em>Schablonladan sprider gamla m\u00f6nster<\/em>, Hemsl\u00f6jd<\/p><p>2012 Nr 3,\u00a0\u00a0<em>Schablonladan i Knyssla<\/em>, Byggnadskultur<\/p>\t\t\t\t\t\t<\/div>\n\t\t\t\t<\/div>\n\t\t\t\t<div class=\"elementor-element elementor-element-08615ae elementor-widget elementor-widget-heading\" data-id=\"08615ae\" data-element_type=\"widget\" data-widget_type=\"heading.default\">\n\t\t\t\t<div class=\"elementor-widget-container\">\n\t\t\t<h3 class=\"elementor-heading-title elementor-size-default\">Publicerad \u2013 urval \/ Publication \u2013 selection<\/h3>\t\t<\/div>\n\t\t\t\t<\/div>\n\t\t\t\t<div class=\"elementor-element elementor-element-4a76ca6 elementor-widget elementor-widget-text-editor\" data-id=\"4a76ca6\" data-element_type=\"widget\" data-widget_type=\"text-editor.default\">\n\t\t\t\t<div class=\"elementor-widget-container\">\n\t\t\t\t\t\t\t<p>2018 M\u00e5lerikonservator Alf Blom, N\u00e4sviken<\/p><p>2012 Djura bokbinderi, Djura<\/p><p>2012 Hemsl\u00f6jdskonsulenterna i V\u00e4stra G\u00f6taland, Uddevalla, G\u00f6teborg, N\u00e4\u00e4s<\/p><p>2010 M\u00e4rta M\u00e5\u00e5s Fj\u00e4tterstr\u00f6m, Handv\u00e4veri, B\u00e5stad<\/p>\t\t\t\t\t\t<\/div>\n\t\t\t\t<\/div>\n\t\t\t\t\t<\/div>\n\t\t<\/div>\n\t\t\t\t\t\t\t<\/div>\n\t\t<\/section>\n\t\t\t\t\t\t\t<\/div>\n\t\t","protected":false},"excerpt":{"rendered":"<p>CV Utbildning \/ Education 2020- P\u00e5g\u00e5ende,&nbsp;Kandidatprogrammet Fri konst, HDK-Valand, G\u00f6teborgs Universitet 2018- 2019&nbsp;Grundl\u00e4ggande Konstn\u00e4rlig utbildning, \u00e5rskurs 2, Gerlesborgsskolan Bohusl\u00e4n, Gerlesborg 2017-2018&nbsp;Kulturm\u00e5lare, 1 \u00e5r, Dacapo Mariestad Yrkesh\u00f6gskola, Mariestad 2015&nbsp;Traditionellt byggnadsm\u00e5leri, laserade ytor, 15hp, G\u00f6teborgs Universitet, Mariestad 2010-2012&nbsp;Textil,&nbsp;2 \u00e5r, Capellag\u00e5rden Carl Malmstens skola f\u00f6r gestaltande arbete, Vickleby 2009-2010&nbsp;V\u00e4v sl\u00f6jd &amp; hantverk, form &amp; kultur,&nbsp;1 \u00e5r, S\u00e4tergl\u00e4ntan Hemsl\u00f6jdensg\u00e5rd, &hellip;<\/p>\n<p class=\"read-more\"> <a class=\"\" href=\"http:\/\/helenabratt.pgwebb.se\/index.php\/cv\/\"> <span class=\"screen-reader-text\">CV<\/span> Read More &raquo;<\/a><\/p>\n","protected":false},"author":1,"featured_media":0,"parent":0,"menu_order":0,"comment_status":"closed","ping_status":"closed","template":"","meta":{"site-sidebar-layout":"no-sidebar","site-content-layout":"page-builder","ast-global-header-display":"","ast-main-header-display":"","ast-hfb-above-header-display":"","ast-hfb-below-header-display":"","ast-hfb-mobile-header-display":"","site-post-title":"disabled","ast-breadcrumbs-content":"","ast-featured-img":"disabled","footer-sml-layout":"","theme-transparent-header-meta":"default","adv-header-id-meta":"","stick-header-meta":"","header-above-stick-meta":"","header-main-stick-meta":"","header-below-stick-meta":""},"_links":{"self":[{"href":"http:\/\/helenabratt.pgwebb.se\/index.php\/wp-json\/wp\/v2\/pages\/15"}],"collection":[{"href":"http:\/\/helenabratt.pgwebb.se\/index.php\/wp-json\/wp\/v2\/pages"}],"about":[{"href":"http:\/\/helenabratt.pgwebb.se\/index.php\/wp-json\/wp\/v2\/types\/page"}],"author":[{"embeddable":true,"href":"http:\/\/helenabratt.pgwebb.se\/index.php\/wp-json\/wp\/v2\/users\/1"}],"replies":[{"embeddable":true,"href":"http:\/\/helenabratt.pgwebb.se\/index.php\/wp-json\/wp\/v2\/comments?post=15"}],"version-history":[{"count":52,"href":"http:\/\/helenabratt.pgwebb.se\/index.php\/wp-json\/wp\/v2\/pages\/15\/revisions"}],"predecessor-version":[{"id":1868,"href":"http:\/\/helenabratt.pgwebb.se\/index.php\/wp-json\/wp\/v2\/pages\/15\/revisions\/1868"}],"wp:attachment":[{"href":"http:\/\/helenabratt.pgwebb.se\/index.php\/wp-json\/wp\/v2\/media?parent=15"}],"curies":[{"name":"wp","href":"https:\/\/api.w.org\/{rel}","templated":true}]}}